{"id":5875,"date":"2023-08-19T22:28:00","date_gmt":"2023-08-20T01:28:00","guid":{"rendered":"https:\/\/gopunta.uy\/noticias\/?post_type=tribe_events&#038;p=5875"},"modified":"2023-08-19T22:28:03","modified_gmt":"2023-08-20T01:28:03","slug":"uruguay-lgbt-summit-pride-connection-2023","status":"publish","type":"tribe_events","link":"https:\/\/gopunta.uy\/noticias\/evento\/uruguay-lgbt-summit-pride-connection-2023\/","title":{"rendered":"Uruguay LGBT+ Summit Pride Connection 2023"},"content":{"rendered":"<div  class=\"tribe-events-schedule tribe-clearfix\" >\n\t<h2 class=\"tribe-events-schedule__datetime\">\n\t\t<span class=\"tribe-events-schedule__date tribe-events-schedule__date--start\">\n\t\t\tseptiembre 3, 2023\t\t<\/span>\n\n\t\t\n\t\t\t\t\t\t\t\t\t<span class=\"tribe-events-schedule__separator tribe-events-schedule__separator--time\">\n\t\t\t\t\t &#8211; \t\t\t\t<\/span>\n\t\t\t\n\t\t\t\t\t\t\t<span class=\"tribe-events-schedule__date tribe-events-schedule__date--end\">\n\t\t\t\t\tseptiembre 5, 2023\t\t\t\t<\/span>\n\n\t\t\t\t\n\t\t\t\n\t\t\t\t\t\t<\/h2>\n<\/div>\n\n\n\n<p>8va. Edici\u00f3n tendr\u00e1 como ejes: el emprendedurismo, la econom\u00eda diversa, la comunicaci\u00f3n inclusiva, la certificaci\u00f3n Empresa Inclusiva LGBT+, y el turismo LGBT.<\/p>\n\n\n\n<p>\u00a0Organizan: C\u00e1mara de Comercio y Negocios LGBT de Uruguay junto a la IDM<\/p>\n\n\n\n<p><a href=\"https:\/\/www.eventbrite.es\/e\/entradas-uruguay-lgbt-summit-pride-connection-punta-del-este-2023-597427420497\">https:\/\/www.eventbrite.es\/e\/entradas-uruguay-lgbt-summit-pride-connection-punta-del-este-2023-597427420497<\/a><\/p>\n\n\n\n\n<div  class=\"tribe-block tribe-block__venue tribe-clearfix\" >\n\t\n\t\n<div class=\"tribe-block__venue__meta\">\n\t<div class=\"tribe-block__venue__name\">\n\t\t<h3>Hotel Enjoy Punta del Este &#8211; Sal\u00f3n R\u00edo de Janeiro<\/h3>\n\t<\/div>\n\n\t\n\t\n\t\n\t\n\t<\/div>\n\t\n\t<\/div>\n\n\n\n\n\t<div  class=\"tribe-block tribe-block__events-link\" >\n\t\t<div class=\"tribe-events tribe-common\">\n\t\t\t<div class=\"tribe-events-c-subscribe-dropdown__container\">\n\t\t\t\t<div class=\"tribe-events-c-subscribe-dropdown\">\n\t\t\t\t\t<div class=\"tribe-common-c-btn-border tribe-events-c-subscribe-dropdown__button\">\n\t\t\t\t\t\t<svg  class=\"tribe-common-c-svgicon tribe-common-c-svgicon--cal-export tribe-events-c-subscribe-dropdown__export-icon\"  viewBox=\"0 0 23 17\" xmlns=\"http:\/\/www.w3.org\/2000\/svg\">\n  <path fill-rule=\"evenodd\" clip-rule=\"evenodd\" d=\"M.128.896V16.13c0 .211.145.383.323.383h15.354c.179 0 .323-.172.323-.383V.896c0-.212-.144-.383-.323-.383H.451C.273.513.128.684.128.896Zm16 6.742h-.901V4.679H1.009v10.729h14.218v-3.336h.901V7.638ZM1.01 1.614h14.218v2.058H1.009V1.614Z\" \/>\n  <path d=\"M20.5 9.846H8.312M18.524 6.953l2.89 2.909-2.855 2.855\" stroke-width=\"1.2\" stroke-linecap=\"round\" stroke-linejoin=\"round\"\/>\n<\/svg>\n\t\t\t\t\t\t<button\n\t\t\t\t\t\t\tclass=\"tribe-events-c-subscribe-dropdown__button-text\"\n\t\t\t\t\t\t\taria-expanded=\"false\"\n\t\t\t\t\t\t\taria-controls=\"tribe-events-subscribe-dropdown-content\"\n\t\t\t\t\t\t\taria-label=\"Ver enlaces para a\u00f1adir eventos al calendario\"\n\t\t\t\t\t\t>\n\t\t\t\t\t\t\tA\u00f1adir al calendario\t\t\t\t\t\t<\/button>\n\t\t\t\t\t\t<svg  class=\"tribe-common-c-svgicon tribe-common-c-svgicon--caret-down tribe-events-c-subscribe-dropdown__button-icon\"  viewBox=\"0 0 10 7\" xmlns=\"http:\/\/www.w3.org\/2000\/svg\" aria-hidden=\"true\"><path fill-rule=\"evenodd\" clip-rule=\"evenodd\" d=\"M1.008.609L5 4.6 8.992.61l.958.958L5 6.517.05 1.566l.958-.958z\" class=\"tribe-common-c-svgicon__svg-fill\"\/><\/svg>\n\t\t\t\t\t<\/div>\n\t\t\t\t\t<div id=\"tribe-events-subscribe-dropdown-content\" class=\"tribe-events-c-subscribe-dropdown__content\">\n\t\t\t\t\t\t<ul class=\"tribe-events-c-subscribe-dropdown__list\">\n\t\t\t\t\t\t\t\t\t\t\t\t\t\t\t<li class=\"tribe-events-c-subscribe-dropdown__list-item\">\n\t\t\t\t\t\t\t\t\t<a\n\t\t\t\t\t\t\t\t\t\thref=\"https:\/\/www.google.com\/calendar\/event?action=TEMPLATE&#038;dates=20230903T000000\/20230905T235959&#038;text=Uruguay%20LGBT%2B%20Summit%20Pride%20Connection%202023&#038;details=%3Cp%3E8va.+Edici%C3%B3n+tendr%C3%A1+como+ejes%3A+el+emprendedurismo%2C+la+econom%C3%ADa+diversa%2C+la+comunicaci%C3%B3n+inclusiva%2C+la+certificaci%C3%B3n+Empresa+Inclusiva+LGBT%2B%2C+y+el+turismo+LGBT.%3C%2Fp%3E+%3Cp%3E%C2%A0Organizan%3A+C%C3%A1mara+de+Comercio+y+Negocios+LGBT+de+Uruguay+junto+a+la+IDM%3C%2Fp%3E+%3Cp%3E%3Ca+href%3D%22https%3A%2F%2Fwww.eventbrite.es%2Fe%2Fentradas-uruguay-lgbt-summit-pride-connection-punta-del-este-2023-597427420497%22%3Ehttps%3A%2F%2Fwww.eventbrite.es%2Fe%2Fentradas-uruguay-lgbt-summit-pride-connection-punta-del-este-2023-597427420497%3C%2Fa%3E%3C%2Fp%3E+%3Cfigure+class%3D%22wp-block-image+size-large%22%3E%3Cimg+src%3D%22https%3A%2F%2Fgopunta.uy%2Fnoticias%2Fwp-content%2Fuploads%2F2023%2F08%2FUruguay-LGBT-2023-1024x1024.jpeg%22+alt%3D%22%22+class%3D%22wp-image-5876%22+%2F%3E%3C%2Ffigure%3E&#038;location=Hotel%20Enjoy%20Punta%20del%20Este%20&#8211;%20Sal\u00f3n%20R\u00edo%20de%20Janeiro&#038;trp=false&#038;ctz=America\/Montevideo&#038;sprop=website:https:\/\/gopunta.uy\/noticias\"\n\t\t\t\t\t\t\t\t\t\tclass=\"tribe-events-c-subscribe-dropdown__list-item-link\"\n\t\t\t\t\t\t\t\t\t\ttarget=\"_blank\"\n\t\t\t\t\t\t\t\t\t\trel=\"noopener noreferrer nofollow noindex\"\n\t\t\t\t\t\t\t\t\t>\n\t\t\t\t\t\t\t\t\t\tGoogle Calendar\t\t\t\t\t\t\t\t\t<\/a>\n\t\t\t\t\t\t\t\t<\/li>\n\t\t\t\t\t\t\t\t\t\t\t\t\t\t\t<li class=\"tribe-events-c-subscribe-dropdown__list-item\">\n\t\t\t\t\t\t\t\t\t<a\n\t\t\t\t\t\t\t\t\t\thref=\"\"\n\t\t\t\t\t\t\t\t\t\tclass=\"tribe-events-c-subscribe-dropdown__list-item-link\"\n\t\t\t\t\t\t\t\t\t\ttarget=\"_blank\"\n\t\t\t\t\t\t\t\t\t\trel=\"noopener noreferrer nofollow noindex\"\n\t\t\t\t\t\t\t\t\t>\n\t\t\t\t\t\t\t\t\t\tiCalendar\t\t\t\t\t\t\t\t\t<\/a>\n\t\t\t\t\t\t\t\t<\/li>\n\t\t\t\t\t\t\t\t\t\t\t\t\t\t\t<li class=\"tribe-events-c-subscribe-dropdown__list-item\">\n\t\t\t\t\t\t\t\t\t<a\n\t\t\t\t\t\t\t\t\t\thref=\"\"\n\t\t\t\t\t\t\t\t\t\tclass=\"tribe-events-c-subscribe-dropdown__list-item-link\"\n\t\t\t\t\t\t\t\t\t\ttarget=\"_blank\"\n\t\t\t\t\t\t\t\t\t\trel=\"noopener noreferrer nofollow noindex\"\n\t\t\t\t\t\t\t\t\t>\n\t\t\t\t\t\t\t\t\t\tOutlook 365\t\t\t\t\t\t\t\t\t<\/a>\n\t\t\t\t\t\t\t\t<\/li>\n\t\t\t\t\t\t\t\t\t\t\t\t\t\t\t<li class=\"tribe-events-c-subscribe-dropdown__list-item\">\n\t\t\t\t\t\t\t\t\t<a\n\t\t\t\t\t\t\t\t\t\thref=\"\"\n\t\t\t\t\t\t\t\t\t\tclass=\"tribe-events-c-subscribe-dropdown__list-item-link\"\n\t\t\t\t\t\t\t\t\t\ttarget=\"_blank\"\n\t\t\t\t\t\t\t\t\t\trel=\"noopener noreferrer nofollow noindex\"\n\t\t\t\t\t\t\t\t\t>\n\t\t\t\t\t\t\t\t\t\tOutlook Live\t\t\t\t\t\t\t\t\t<\/a>\n\t\t\t\t\t\t\t\t<\/li>\n\t\t\t\t\t\t\t\t\t\t\t\t\t<\/ul>\n\t\t\t\t\t<\/div>\n\t\t\t\t<\/div>\n\t\t\t<\/div>\n\t\t<\/div>\n\t<\/div>\n\n\n\n\n<figure class=\"wp-block-image size-large\"><img loading=\"lazy\" decoding=\"async\" width=\"1024\" height=\"1024\" src=\"https:\/\/gopunta.uy\/noticias\/wp-content\/uploads\/2023\/08\/Uruguay-LGBT-2023-1024x1024.jpeg\" alt=\"\" class=\"wp-image-5876\" srcset=\"https:\/\/gopunta.uy\/noticias\/wp-content\/uploads\/2023\/08\/Uruguay-LGBT-2023-1024x1024.jpeg 1024w, https:\/\/gopunta.uy\/noticias\/wp-content\/uploads\/2023\/08\/Uruguay-LGBT-2023-980x980.jpeg 980w, https:\/\/gopunta.uy\/noticias\/wp-content\/uploads\/2023\/08\/Uruguay-LGBT-2023-480x480.jpeg 480w\" sizes=\"(min-width: 0px) and (max-width: 480px) 480px, (min-width: 481px) and (max-width: 980px) 980px, (min-width: 981px) 1024px, 100vw\" \/><\/figure>\n","protected":false},"excerpt":{"rendered":"<p>8va. Edici\u00f3n tendr\u00e1 como ejes: el emprendedurismo, la econom\u00eda diversa, la comunicaci\u00f3n inclusiva, la certificaci\u00f3n Empresa Inclusiva LGBT+, y el turismo LGBT. \u00a0Organizan: C\u00e1mara de Comercio y Negocios LGBT de [&hellip;]<\/p>\n","protected":false},"author":4,"featured_media":0,"template":"","meta":{"_et_pb_use_builder":"","_et_pb_old_content":"","_et_gb_content_width":"","inline_featured_image":false,"_EventAllDay":true,"_EventTimezone":"America\/Montevideo","_EventStartDate":"2023-09-03 00:00:00","_EventEndDate":"2023-09-05 23:59:59","_EventStartDateUTC":"2023-09-03 03:00:00","_EventEndDateUTC":"2023-09-06 02:59:59","_EventShowMap":false,"_EventShowMapLink":false,"_EventURL":"","_EventCost":"","_EventCostDescription":"","_EventCurrencySymbol":"$","_EventCurrencyCode":"USD","_EventCurrencyPosition":"prefix","_EventDateTimeSeparator":" \/ ","_EventTimeRangeSeparator":" - ","_EventOrganizerID":[],"_EventVenueID":[5877],"_OrganizerEmail":"","_OrganizerPhone":"","_OrganizerWebsite":"","_VenueAddress":"","_VenueCity":"","_VenueCountry":"","_VenueProvince":"","_VenueState":"","_VenueZip":"","_VenuePhone":"","_VenueURL":"","_VenueStateProvince":"","_VenueLat":"","_VenueLng":"","_VenueShowMap":false,"_VenueShowMapLink":false,"_tribe_events_status":"","_tribe_events_status_reason":"","footnotes":""},"tags":[],"tribe_events_cat":[25],"class_list":["post-5875","tribe_events","type-tribe_events","status-publish","hentry","tribe_events_cat-maldonado","cat_maldonado"],"yoast_head":"<!-- This site is optimized with the Yoast SEO plugin v25.2 - https:\/\/yoast.com\/wordpress\/plugins\/seo\/ -->\n<title>Uruguay LGBT+ Summit Pride Connection 2023<\/title>\n<meta name=\"robots\" content=\"index, follow, max-snippet:-1, max-image-preview:large, max-video-preview:-1\" \/>\n<link rel=\"canonical\" href=\"https:\/\/gopunta.uy\/noticias\/evento\/uruguay-lgbt-summit-pride-connection-2023\/\" \/>\n<meta property=\"og:locale\" content=\"es_ES\" \/>\n<meta property=\"og:type\" content=\"article\" \/>\n<meta property=\"og:title\" content=\"Uruguay LGBT+ Summit Pride Connection 2023\" \/>\n<meta property=\"og:description\" content=\"8va. Edici\u00f3n tendr\u00e1 como ejes: el emprendedurismo, la econom\u00eda diversa, la comunicaci\u00f3n inclusiva, la certificaci\u00f3n Empresa Inclusiva LGBT+, y el turismo LGBT. \u00a0Organizan: C\u00e1mara de Comercio y Negocios LGBT de [&hellip;]\" \/>\n<meta property=\"og:url\" content=\"https:\/\/gopunta.uy\/noticias\/evento\/uruguay-lgbt-summit-pride-connection-2023\/\" \/>\n<meta property=\"og:site_name\" content=\"Noticias - GoPunta - Portal Inmobiliario de Punta del Este - Maldonado\" \/>\n<meta property=\"article:modified_time\" content=\"2023-08-20T01:28:03+00:00\" \/>\n<meta property=\"og:image\" content=\"https:\/\/gopunta.uy\/noticias\/wp-content\/uploads\/2023\/08\/Uruguay-LGBT-2023-1024x1024.jpeg\" \/>\n<meta name=\"twitter:card\" content=\"summary_large_image\" \/>\n<script type=\"application\/ld+json\" class=\"yoast-schema-graph\">{\"@context\":\"https:\/\/schema.org\",\"@graph\":[{\"@type\":\"WebPage\",\"@id\":\"https:\/\/gopunta.uy\/noticias\/evento\/uruguay-lgbt-summit-pride-connection-2023\/\",\"url\":\"https:\/\/gopunta.uy\/noticias\/evento\/uruguay-lgbt-summit-pride-connection-2023\/\",\"name\":\"Uruguay LGBT+ Summit Pride Connection 2023\",\"isPartOf\":{\"@id\":\"https:\/\/gopunta.uy\/noticias\/#website\"},\"primaryImageOfPage\":{\"@id\":\"https:\/\/gopunta.uy\/noticias\/evento\/uruguay-lgbt-summit-pride-connection-2023\/#primaryimage\"},\"image\":{\"@id\":\"https:\/\/gopunta.uy\/noticias\/evento\/uruguay-lgbt-summit-pride-connection-2023\/#primaryimage\"},\"thumbnailUrl\":\"https:\/\/gopunta.uy\/noticias\/wp-content\/uploads\/2023\/08\/Uruguay-LGBT-2023-1024x1024.jpeg\",\"datePublished\":\"2023-08-20T01:28:00+00:00\",\"dateModified\":\"2023-08-20T01:28:03+00:00\",\"breadcrumb\":{\"@id\":\"https:\/\/gopunta.uy\/noticias\/evento\/uruguay-lgbt-summit-pride-connection-2023\/#breadcrumb\"},\"inLanguage\":\"es\",\"potentialAction\":[{\"@type\":\"ReadAction\",\"target\":[\"https:\/\/gopunta.uy\/noticias\/evento\/uruguay-lgbt-summit-pride-connection-2023\/\"]}]},{\"@type\":\"ImageObject\",\"inLanguage\":\"es\",\"@id\":\"https:\/\/gopunta.uy\/noticias\/evento\/uruguay-lgbt-summit-pride-connection-2023\/#primaryimage\",\"url\":\"https:\/\/gopunta.uy\/noticias\/wp-content\/uploads\/2023\/08\/Uruguay-LGBT-2023-1024x1024.jpeg\",\"contentUrl\":\"https:\/\/gopunta.uy\/noticias\/wp-content\/uploads\/2023\/08\/Uruguay-LGBT-2023-1024x1024.jpeg\"},{\"@type\":\"BreadcrumbList\",\"@id\":\"https:\/\/gopunta.uy\/noticias\/evento\/uruguay-lgbt-summit-pride-connection-2023\/#breadcrumb\",\"itemListElement\":[{\"@type\":\"ListItem\",\"position\":1,\"name\":\"Inicio\",\"item\":\"https:\/\/gopunta.uy\/noticias\/\"},{\"@type\":\"ListItem\",\"position\":2,\"name\":\"Eventos\",\"item\":\"https:\/\/gopunta.uy\/noticias\/eventos\/\"},{\"@type\":\"ListItem\",\"position\":3,\"name\":\"Uruguay LGBT+ Summit Pride Connection 2023\"}]},{\"@type\":\"WebSite\",\"@id\":\"https:\/\/gopunta.uy\/noticias\/#website\",\"url\":\"https:\/\/gopunta.uy\/noticias\/\",\"name\":\"Noticias - GoPunta - Portal Inmobiliario de Punta del Este - Maldonado\",\"description\":\"Noticias del Portal Inmobiliario GoPunta\",\"potentialAction\":[{\"@type\":\"SearchAction\",\"target\":{\"@type\":\"EntryPoint\",\"urlTemplate\":\"https:\/\/gopunta.uy\/noticias\/?s={search_term_string}\"},\"query-input\":{\"@type\":\"PropertyValueSpecification\",\"valueRequired\":true,\"valueName\":\"search_term_string\"}}],\"inLanguage\":\"es\"}]}<\/script>\n<!-- \/ Yoast SEO plugin. -->","yoast_head_json":{"title":"Uruguay LGBT+ Summit Pride Connection 2023","robots":{"index":"index","follow":"follow","max-snippet":"max-snippet:-1","max-image-preview":"max-image-preview:large","max-video-preview":"max-video-preview:-1"},"canonical":"https:\/\/gopunta.uy\/noticias\/evento\/uruguay-lgbt-summit-pride-connection-2023\/","og_locale":"es_ES","og_type":"article","og_title":"Uruguay LGBT+ Summit Pride Connection 2023","og_description":"8va. Edici\u00f3n tendr\u00e1 como ejes: el emprendedurismo, la econom\u00eda diversa, la comunicaci\u00f3n inclusiva, la certificaci\u00f3n Empresa Inclusiva LGBT+, y el turismo LGBT. \u00a0Organizan: C\u00e1mara de Comercio y Negocios LGBT de [&hellip;]","og_url":"https:\/\/gopunta.uy\/noticias\/evento\/uruguay-lgbt-summit-pride-connection-2023\/","og_site_name":"Noticias - GoPunta - Portal Inmobiliario de Punta del Este - Maldonado","article_modified_time":"2023-08-20T01:28:03+00:00","og_image":[{"url":"https:\/\/gopunta.uy\/noticias\/wp-content\/uploads\/2023\/08\/Uruguay-LGBT-2023-1024x1024.jpeg","type":"","width":"","height":""}],"twitter_card":"summary_large_image","schema":{"@context":"https:\/\/schema.org","@graph":[{"@type":"WebPage","@id":"https:\/\/gopunta.uy\/noticias\/evento\/uruguay-lgbt-summit-pride-connection-2023\/","url":"https:\/\/gopunta.uy\/noticias\/evento\/uruguay-lgbt-summit-pride-connection-2023\/","name":"Uruguay LGBT+ Summit Pride Connection 2023","isPartOf":{"@id":"https:\/\/gopunta.uy\/noticias\/#website"},"primaryImageOfPage":{"@id":"https:\/\/gopunta.uy\/noticias\/evento\/uruguay-lgbt-summit-pride-connection-2023\/#primaryimage"},"image":{"@id":"https:\/\/gopunta.uy\/noticias\/evento\/uruguay-lgbt-summit-pride-connection-2023\/#primaryimage"},"thumbnailUrl":"https:\/\/gopunta.uy\/noticias\/wp-content\/uploads\/2023\/08\/Uruguay-LGBT-2023-1024x1024.jpeg","datePublished":"2023-08-20T01:28:00+00:00","dateModified":"2023-08-20T01:28:03+00:00","breadcrumb":{"@id":"https:\/\/gopunta.uy\/noticias\/evento\/uruguay-lgbt-summit-pride-connection-2023\/#breadcrumb"},"inLanguage":"es","potentialAction":[{"@type":"ReadAction","target":["https:\/\/gopunta.uy\/noticias\/evento\/uruguay-lgbt-summit-pride-connection-2023\/"]}]},{"@type":"ImageObject","inLanguage":"es","@id":"https:\/\/gopunta.uy\/noticias\/evento\/uruguay-lgbt-summit-pride-connection-2023\/#primaryimage","url":"https:\/\/gopunta.uy\/noticias\/wp-content\/uploads\/2023\/08\/Uruguay-LGBT-2023-1024x1024.jpeg","contentUrl":"https:\/\/gopunta.uy\/noticias\/wp-content\/uploads\/2023\/08\/Uruguay-LGBT-2023-1024x1024.jpeg"},{"@type":"BreadcrumbList","@id":"https:\/\/gopunta.uy\/noticias\/evento\/uruguay-lgbt-summit-pride-connection-2023\/#breadcrumb","itemListElement":[{"@type":"ListItem","position":1,"name":"Inicio","item":"https:\/\/gopunta.uy\/noticias\/"},{"@type":"ListItem","position":2,"name":"Eventos","item":"https:\/\/gopunta.uy\/noticias\/eventos\/"},{"@type":"ListItem","position":3,"name":"Uruguay LGBT+ Summit Pride Connection 2023"}]},{"@type":"WebSite","@id":"https:\/\/gopunta.uy\/noticias\/#website","url":"https:\/\/gopunta.uy\/noticias\/","name":"Noticias - GoPunta - Portal Inmobiliario de Punta del Este - Maldonado","description":"Noticias del Portal Inmobiliario GoPunta","potentialAction":[{"@type":"SearchAction","target":{"@type":"EntryPoint","urlTemplate":"https:\/\/gopunta.uy\/noticias\/?s={search_term_string}"},"query-input":{"@type":"PropertyValueSpecification","valueRequired":true,"valueName":"search_term_string"}}],"inLanguage":"es"}]}},"_links":{"self":[{"href":"https:\/\/gopunta.uy\/noticias\/wp-json\/wp\/v2\/tribe_events\/5875","targetHints":{"allow":["GET"]}}],"collection":[{"href":"https:\/\/gopunta.uy\/noticias\/wp-json\/wp\/v2\/tribe_events"}],"about":[{"href":"https:\/\/gopunta.uy\/noticias\/wp-json\/wp\/v2\/types\/tribe_events"}],"author":[{"embeddable":true,"href":"https:\/\/gopunta.uy\/noticias\/wp-json\/wp\/v2\/users\/4"}],"version-history":[{"count":1,"href":"https:\/\/gopunta.uy\/noticias\/wp-json\/wp\/v2\/tribe_events\/5875\/revisions"}],"predecessor-version":[{"id":5878,"href":"https:\/\/gopunta.uy\/noticias\/wp-json\/wp\/v2\/tribe_events\/5875\/revisions\/5878"}],"wp:attachment":[{"href":"https:\/\/gopunta.uy\/noticias\/wp-json\/wp\/v2\/media?parent=5875"}],"wp:term":[{"taxonomy":"post_tag","embeddable":true,"href":"https:\/\/gopunta.uy\/noticias\/wp-json\/wp\/v2\/tags?post=5875"},{"taxonomy":"tribe_events_cat","embeddable":true,"href":"https:\/\/gopunta.uy\/noticias\/wp-json\/wp\/v2\/tribe_events_cat?post=5875"}],"curies":[{"name":"wp","href":"https:\/\/api.w.org\/{rel}","templated":true}]}}