{"id":5900,"date":"2023-08-19T23:10:56","date_gmt":"2023-08-20T02:10:56","guid":{"rendered":"https:\/\/gopunta.uy\/noticias\/?post_type=tribe_events&#038;p=5900"},"modified":"2023-08-19T23:11:00","modified_gmt":"2023-08-20T02:11:00","slug":"calendario-de-eventos-del-18-19-y-20-de-agosto","status":"publish","type":"tribe_events","link":"https:\/\/gopunta.uy\/noticias\/evento\/calendario-de-eventos-del-18-19-y-20-de-agosto\/","title":{"rendered":"CALENDARIO DE EVENTOS DEL 18, 19 Y 20 DE AGOSTO."},"content":{"rendered":"<div  class=\"tribe-events-schedule tribe-clearfix\" >\n\t<h2 class=\"tribe-events-schedule__datetime\">\n\t\t<span class=\"tribe-events-schedule__date tribe-events-schedule__date--start\">\n\t\t\tagosto 18, 2023\t\t<\/span>\n\n\t\t\n\t\t\t\t\t\t\t\t\t<span class=\"tribe-events-schedule__separator tribe-events-schedule__separator--time\">\n\t\t\t\t\t &#8211; \t\t\t\t<\/span>\n\t\t\t\n\t\t\t\t\t\t\t<span class=\"tribe-events-schedule__date tribe-events-schedule__date--end\">\n\t\t\t\t\tagosto 20, 2023\t\t\t\t<\/span>\n\n\t\t\t\t\n\t\t\t\n\t\t\t\t\t\t<\/h2>\n<\/div>\n\n\n\n<p>TEATRO LAVALLEJA: Viernes 18 hora 20 \u00abCONSENTIMIENTO\u00bb Espect\u00e1culo el Galp\u00f3n invitaciones en boleter\u00eda del Teatro de 10 a 20 hs<\/p>\n\n\n\n<p>S\u00e1bado 19: hora 20 Encuentros de Coros &#8211; invitaciones en boleter\u00eda del Teatro de 10 a 20 hs<\/p>\n\n\n\n<p><a><\/a>Domingo 20: hora 20 Concierto \u00abLucas Sugo\u00bb- entradas a la venta por red-ticket.uy y el mismo dia en boleter\u00eda<\/p>\n\n\n\n<p>del Teatro<\/p>\n\n\n\n<p>Zona Arequita: viernes, s\u00e1bado y domingo. MARCHITA DE CABALLOS CRIOLLOS. Programa en la cuenta de Instagram @agremiacioncriolloslavalleja<\/p>\n\n\n\n<p>Minas Shopping: s\u00e1bado 19 y domingo 20 de 17 a 18:30 hs Diversi\u00f3n de Nostalgia<\/p>\n\n\n\n<p>PARADOR PARQUE ROD\u00d3: s\u00e1bado 19 Cena Show bailable con Adri\u00e1n Inzaurralde- reservas 099841807 Ealter Romero<\/p>\n\n\n\n<p>VILLA SERRANA: s\u00e1bado 19 hora 20:30 en El Secreto de la Piedra \u00abDinero del Pueblo\u00bb en vivo<\/p>\n\n\n\n<p>SOLIS DE MATAOJO: en Pista Las Sierras carreras de caballos al mediod\u00eda si el tiempo lo permite.<\/p>\n\n\n\n<p>MARISCALA: s\u00e1bado 19 hora 16 Encuentro de Basketball (escuela Municipio Mariscala &amp;Club Sparta)<\/p>\n\n\n\n<p>Batlle y Ord\u00f3\u00f1ez : domingo 20 hora 14 salida MTB<\/p>\n\n\n<div  class=\"tribe-block tribe-block__event-price\" >\n\t\t<\/div>\n\n\n\n\n<div  class=\"tribe-block tribe-block__venue tribe-clearfix\" >\n\t\n\t\t\n\t<\/div>\n\n\n\n\n\t<div  class=\"tribe-block tribe-block__events-link\" >\n\t\t<div class=\"tribe-events tribe-common\">\n\t\t\t<div class=\"tribe-events-c-subscribe-dropdown__container\">\n\t\t\t\t<div class=\"tribe-events-c-subscribe-dropdown\">\n\t\t\t\t\t<div class=\"tribe-common-c-btn-border tribe-events-c-subscribe-dropdown__button\">\n\t\t\t\t\t\t<svg  class=\"tribe-common-c-svgicon tribe-common-c-svgicon--cal-export tribe-events-c-subscribe-dropdown__export-icon\"  viewBox=\"0 0 23 17\" xmlns=\"http:\/\/www.w3.org\/2000\/svg\">\n  <path fill-rule=\"evenodd\" clip-rule=\"evenodd\" d=\"M.128.896V16.13c0 .211.145.383.323.383h15.354c.179 0 .323-.172.323-.383V.896c0-.212-.144-.383-.323-.383H.451C.273.513.128.684.128.896Zm16 6.742h-.901V4.679H1.009v10.729h14.218v-3.336h.901V7.638ZM1.01 1.614h14.218v2.058H1.009V1.614Z\" \/>\n  <path d=\"M20.5 9.846H8.312M18.524 6.953l2.89 2.909-2.855 2.855\" stroke-width=\"1.2\" stroke-linecap=\"round\" stroke-linejoin=\"round\"\/>\n<\/svg>\n\t\t\t\t\t\t<button\n\t\t\t\t\t\t\tclass=\"tribe-events-c-subscribe-dropdown__button-text\"\n\t\t\t\t\t\t\taria-expanded=\"false\"\n\t\t\t\t\t\t\taria-controls=\"tribe-events-subscribe-dropdown-content\"\n\t\t\t\t\t\t\taria-label=\"Ver enlaces para a\u00f1adir eventos al calendario\"\n\t\t\t\t\t\t>\n\t\t\t\t\t\t\tA\u00f1adir al calendario\t\t\t\t\t\t<\/button>\n\t\t\t\t\t\t<svg  class=\"tribe-common-c-svgicon tribe-common-c-svgicon--caret-down tribe-events-c-subscribe-dropdown__button-icon\"  viewBox=\"0 0 10 7\" xmlns=\"http:\/\/www.w3.org\/2000\/svg\" aria-hidden=\"true\"><path fill-rule=\"evenodd\" clip-rule=\"evenodd\" d=\"M1.008.609L5 4.6 8.992.61l.958.958L5 6.517.05 1.566l.958-.958z\" class=\"tribe-common-c-svgicon__svg-fill\"\/><\/svg>\n\t\t\t\t\t<\/div>\n\t\t\t\t\t<div id=\"tribe-events-subscribe-dropdown-content\" class=\"tribe-events-c-subscribe-dropdown__content\">\n\t\t\t\t\t\t<ul class=\"tribe-events-c-subscribe-dropdown__list\">\n\t\t\t\t\t\t\t\t\t\t\t\t\t\t\t<li class=\"tribe-events-c-subscribe-dropdown__list-item\">\n\t\t\t\t\t\t\t\t\t<a\n\t\t\t\t\t\t\t\t\t\thref=\"https:\/\/www.google.com\/calendar\/event?action=TEMPLATE&#038;dates=20230818T000000\/20230820T235959&#038;text=CALENDARIO%20DE%20EVENTOS%20DEL%2018%2C%2019%20Y%2020%20DE%20AGOSTO.&#038;details=%3Cp%3ETEATRO+LAVALLEJA%3A+Viernes+18+hora+20+%22CONSENTIMIENTO%22+Espect%C3%A1culo+el+Galp%C3%B3n+invitaciones+en+boleter%C3%ADa+del+Teatro+de+10+a+20+hs%3C%2Fp%3E+%3Cp%3ES%C3%A1bado+19%3A+hora+20+Encuentros+de+Coros+-+invitaciones+en+boleter%C3%ADa+del+Teatro+de+10+a+20+hs%3C%2Fp%3E+%3Cp%3E%3Ca%3E%3C%2Fa%3EDomingo+20%3A+hora+20+Concierto+%22Lucas+Sugo%22-+entradas+a+la+venta+por+red-ticket.uy+y+el+mismo+dia+en+boleter%C3%ADa%3C%2Fp%3E+%3Cp%3Edel+Teatro%3C%2Fp%3E+%3Cp%3EZona+Arequita%3A+viernes%2C+s%C3%A1bado+y+domingo.+MARCHITA+DE+CABALLOS+CRIOLLOS.+Programa+en+la+cuenta+de+Instagram+%40agremiacioncriolloslavalleja%3C%2Fp%3E+%3Cp%3EMinas+Shopping%3A+s%C3%A1bado+19+y+domingo+20+de+17+a+18%3A30+hs+Diversi%C3%B3n+de+Nostalgia%3C%2Fp%3E+%3Cp%3EPARADOR+PARQUE+ROD%C3%93%3A+s%C3%A1bado+19+Cena+Show+bailable+con+Adri%C3%A1n+Inzaurralde-+reservas+099841807+Ealter+Romero%3C%2Fp%3E+%3Cp%3EVILLA+SERRANA%3A+s%C3%A1bado+19+hora+20%3A30+en+El+Secreto+de+la+Piedra+%22Dinero+del+Pueblo%22+en+vivo%3C%2Fp%3E+%3Cp%3ESOLIS+DE+MATAOJO%3A+en+Pista+Las+Sierras+carreras+de+caballos+al+mediod%C3%ADa+si+el+tiempo+lo+permite.%3C%2Fp%3E+%3Cp%3EMARISCALA%3A+s%C3%A1bado%3C%2Fp%3E+%28Ver+aqu%C3%AD+la+descripci%C3%B3n+completa+de+evento%3A+https%3A%2F%2Fgopunta.uy%2Fnoticias%2Fevento%2Fcalendario-de-eventos-del-18-19-y-20-de-agosto%2F%29&#038;trp=false&#038;ctz=America\/Montevideo&#038;sprop=website:https:\/\/gopunta.uy\/noticias\"\n\t\t\t\t\t\t\t\t\t\tclass=\"tribe-events-c-subscribe-dropdown__list-item-link\"\n\t\t\t\t\t\t\t\t\t\ttarget=\"_blank\"\n\t\t\t\t\t\t\t\t\t\trel=\"noopener noreferrer nofollow noindex\"\n\t\t\t\t\t\t\t\t\t>\n\t\t\t\t\t\t\t\t\t\tGoogle Calendar\t\t\t\t\t\t\t\t\t<\/a>\n\t\t\t\t\t\t\t\t<\/li>\n\t\t\t\t\t\t\t\t\t\t\t\t\t\t\t<li class=\"tribe-events-c-subscribe-dropdown__list-item\">\n\t\t\t\t\t\t\t\t\t<a\n\t\t\t\t\t\t\t\t\t\thref=\"\"\n\t\t\t\t\t\t\t\t\t\tclass=\"tribe-events-c-subscribe-dropdown__list-item-link\"\n\t\t\t\t\t\t\t\t\t\ttarget=\"_blank\"\n\t\t\t\t\t\t\t\t\t\trel=\"noopener noreferrer nofollow noindex\"\n\t\t\t\t\t\t\t\t\t>\n\t\t\t\t\t\t\t\t\t\tiCalendar\t\t\t\t\t\t\t\t\t<\/a>\n\t\t\t\t\t\t\t\t<\/li>\n\t\t\t\t\t\t\t\t\t\t\t\t\t\t\t<li class=\"tribe-events-c-subscribe-dropdown__list-item\">\n\t\t\t\t\t\t\t\t\t<a\n\t\t\t\t\t\t\t\t\t\thref=\"\"\n\t\t\t\t\t\t\t\t\t\tclass=\"tribe-events-c-subscribe-dropdown__list-item-link\"\n\t\t\t\t\t\t\t\t\t\ttarget=\"_blank\"\n\t\t\t\t\t\t\t\t\t\trel=\"noopener noreferrer nofollow noindex\"\n\t\t\t\t\t\t\t\t\t>\n\t\t\t\t\t\t\t\t\t\tOutlook 365\t\t\t\t\t\t\t\t\t<\/a>\n\t\t\t\t\t\t\t\t<\/li>\n\t\t\t\t\t\t\t\t\t\t\t\t\t\t\t<li class=\"tribe-events-c-subscribe-dropdown__list-item\">\n\t\t\t\t\t\t\t\t\t<a\n\t\t\t\t\t\t\t\t\t\thref=\"\"\n\t\t\t\t\t\t\t\t\t\tclass=\"tribe-events-c-subscribe-dropdown__list-item-link\"\n\t\t\t\t\t\t\t\t\t\ttarget=\"_blank\"\n\t\t\t\t\t\t\t\t\t\trel=\"noopener noreferrer nofollow noindex\"\n\t\t\t\t\t\t\t\t\t>\n\t\t\t\t\t\t\t\t\t\tOutlook Live\t\t\t\t\t\t\t\t\t<\/a>\n\t\t\t\t\t\t\t\t<\/li>\n\t\t\t\t\t\t\t\t\t\t\t\t\t<\/ul>\n\t\t\t\t\t<\/div>\n\t\t\t\t<\/div>\n\t\t\t<\/div>\n\t\t<\/div>\n\t<\/div>\n\n\n\n\n<figure class=\"wp-block-image size-full\"><img loading=\"lazy\" decoding=\"async\" width=\"526\" height=\"526\" src=\"https:\/\/gopunta.uy\/noticias\/wp-content\/uploads\/2023\/08\/368270322_601458338829634_3131559861018433672_n.jpg\" alt=\"\" class=\"wp-image-5901\" srcset=\"https:\/\/gopunta.uy\/noticias\/wp-content\/uploads\/2023\/08\/368270322_601458338829634_3131559861018433672_n.jpg 526w, https:\/\/gopunta.uy\/noticias\/wp-content\/uploads\/2023\/08\/368270322_601458338829634_3131559861018433672_n-480x480.jpg 480w\" sizes=\"(min-width: 0px) and (max-width: 480px) 480px, (min-width: 481px) 526px, 100vw\" \/><\/figure>\n","protected":false},"excerpt":{"rendered":"<p>TEATRO LAVALLEJA: Viernes 18 hora 20 \u00abCONSENTIMIENTO\u00bb Espect\u00e1culo el Galp\u00f3n invitaciones en boleter\u00eda del Teatro de 10 a 20 hs S\u00e1bado 19: hora 20 Encuentros de Coros &#8211; invitaciones en [&hellip;]<\/p>\n","protected":false},"author":4,"featured_media":0,"template":"","meta":{"_et_pb_use_builder":"","_et_pb_old_content":"","_et_gb_content_width":"","inline_featured_image":false,"_EventAllDay":true,"_EventTimezone":"America\/Montevideo","_EventStartDate":"2023-08-18 00:00:00","_EventEndDate":"2023-08-20 23:59:59","_EventStartDateUTC":"2023-08-18 03:00:00","_EventEndDateUTC":"2023-08-21 02:59:59","_EventShowMap":false,"_EventShowMapLink":false,"_EventURL":"","_EventCost":"","_EventCostDescription":"","_EventCurrencySymbol":"$","_EventCurrencyCode":"USD","_EventCurrencyPosition":"prefix","_EventDateTimeSeparator":" \/ ","_EventTimeRangeSeparator":" - ","_EventOrganizerID":[],"_EventVenueID":[],"_OrganizerEmail":"","_OrganizerPhone":"","_OrganizerWebsite":"","_VenueAddress":"","_VenueCity":"","_VenueCountry":"","_VenueProvince":"","_VenueState":"","_VenueZip":"","_VenuePhone":"","_VenueURL":"","_VenueStateProvince":"","_VenueLat":"","_VenueLng":"","_VenueShowMap":false,"_VenueShowMapLink":false,"_tribe_events_status":"","_tribe_events_status_reason":"","footnotes":""},"tags":[],"tribe_events_cat":[30],"class_list":["post-5900","tribe_events","type-tribe_events","status-publish","hentry","tribe_events_cat-lavalleja","cat_lavalleja"],"yoast_head":"<!-- This site is optimized with the Yoast SEO plugin v25.2 - https:\/\/yoast.com\/wordpress\/plugins\/seo\/ -->\n<title>CALENDARIO DE EVENTOS DEL 18, 19 Y 20 DE AGOSTO.<\/title>\n<meta name=\"robots\" content=\"index, follow, max-snippet:-1, max-image-preview:large, max-video-preview:-1\" \/>\n<link rel=\"canonical\" href=\"https:\/\/gopunta.uy\/noticias\/evento\/calendario-de-eventos-del-18-19-y-20-de-agosto\/\" \/>\n<meta property=\"og:locale\" content=\"es_ES\" \/>\n<meta property=\"og:type\" content=\"article\" \/>\n<meta property=\"og:title\" content=\"CALENDARIO DE EVENTOS DEL 18, 19 Y 20 DE AGOSTO.\" \/>\n<meta property=\"og:description\" content=\"TEATRO LAVALLEJA: Viernes 18 hora 20 \u00abCONSENTIMIENTO\u00bb Espect\u00e1culo el Galp\u00f3n invitaciones en boleter\u00eda del Teatro de 10 a 20 hs S\u00e1bado 19: hora 20 Encuentros de Coros &#8211; invitaciones en [&hellip;]\" \/>\n<meta property=\"og:url\" content=\"https:\/\/gopunta.uy\/noticias\/evento\/calendario-de-eventos-del-18-19-y-20-de-agosto\/\" \/>\n<meta property=\"og:site_name\" content=\"Noticias - GoPunta - Portal Inmobiliario de Punta del Este - Maldonado\" \/>\n<meta property=\"article:modified_time\" content=\"2023-08-20T02:11:00+00:00\" \/>\n<meta property=\"og:image\" content=\"https:\/\/gopunta.uy\/noticias\/wp-content\/uploads\/2023\/08\/368270322_601458338829634_3131559861018433672_n.jpg\" \/>\n<meta name=\"twitter:card\" content=\"summary_large_image\" \/>\n<meta name=\"twitter:label1\" content=\"Tiempo de lectura\" \/>\n\t<meta name=\"twitter:data1\" content=\"1 minuto\" \/>\n<script type=\"application\/ld+json\" class=\"yoast-schema-graph\">{\"@context\":\"https:\/\/schema.org\",\"@graph\":[{\"@type\":\"WebPage\",\"@id\":\"https:\/\/gopunta.uy\/noticias\/evento\/calendario-de-eventos-del-18-19-y-20-de-agosto\/\",\"url\":\"https:\/\/gopunta.uy\/noticias\/evento\/calendario-de-eventos-del-18-19-y-20-de-agosto\/\",\"name\":\"CALENDARIO DE EVENTOS DEL 18, 19 Y 20 DE AGOSTO.\",\"isPartOf\":{\"@id\":\"https:\/\/gopunta.uy\/noticias\/#website\"},\"primaryImageOfPage\":{\"@id\":\"https:\/\/gopunta.uy\/noticias\/evento\/calendario-de-eventos-del-18-19-y-20-de-agosto\/#primaryimage\"},\"image\":{\"@id\":\"https:\/\/gopunta.uy\/noticias\/evento\/calendario-de-eventos-del-18-19-y-20-de-agosto\/#primaryimage\"},\"thumbnailUrl\":\"https:\/\/gopunta.uy\/noticias\/wp-content\/uploads\/2023\/08\/368270322_601458338829634_3131559861018433672_n.jpg\",\"datePublished\":\"2023-08-20T02:10:56+00:00\",\"dateModified\":\"2023-08-20T02:11:00+00:00\",\"breadcrumb\":{\"@id\":\"https:\/\/gopunta.uy\/noticias\/evento\/calendario-de-eventos-del-18-19-y-20-de-agosto\/#breadcrumb\"},\"inLanguage\":\"es\",\"potentialAction\":[{\"@type\":\"ReadAction\",\"target\":[\"https:\/\/gopunta.uy\/noticias\/evento\/calendario-de-eventos-del-18-19-y-20-de-agosto\/\"]}]},{\"@type\":\"ImageObject\",\"inLanguage\":\"es\",\"@id\":\"https:\/\/gopunta.uy\/noticias\/evento\/calendario-de-eventos-del-18-19-y-20-de-agosto\/#primaryimage\",\"url\":\"https:\/\/gopunta.uy\/noticias\/wp-content\/uploads\/2023\/08\/368270322_601458338829634_3131559861018433672_n.jpg\",\"contentUrl\":\"https:\/\/gopunta.uy\/noticias\/wp-content\/uploads\/2023\/08\/368270322_601458338829634_3131559861018433672_n.jpg\",\"width\":526,\"height\":526},{\"@type\":\"BreadcrumbList\",\"@id\":\"https:\/\/gopunta.uy\/noticias\/evento\/calendario-de-eventos-del-18-19-y-20-de-agosto\/#breadcrumb\",\"itemListElement\":[{\"@type\":\"ListItem\",\"position\":1,\"name\":\"Inicio\",\"item\":\"https:\/\/gopunta.uy\/noticias\/\"},{\"@type\":\"ListItem\",\"position\":2,\"name\":\"Eventos\",\"item\":\"https:\/\/gopunta.uy\/noticias\/eventos\/\"},{\"@type\":\"ListItem\",\"position\":3,\"name\":\"CALENDARIO DE EVENTOS DEL 18, 19 Y 20 DE AGOSTO.\"}]},{\"@type\":\"WebSite\",\"@id\":\"https:\/\/gopunta.uy\/noticias\/#website\",\"url\":\"https:\/\/gopunta.uy\/noticias\/\",\"name\":\"Noticias - GoPunta - Portal Inmobiliario de Punta del Este - Maldonado\",\"description\":\"Noticias del Portal Inmobiliario GoPunta\",\"potentialAction\":[{\"@type\":\"SearchAction\",\"target\":{\"@type\":\"EntryPoint\",\"urlTemplate\":\"https:\/\/gopunta.uy\/noticias\/?s={search_term_string}\"},\"query-input\":{\"@type\":\"PropertyValueSpecification\",\"valueRequired\":true,\"valueName\":\"search_term_string\"}}],\"inLanguage\":\"es\"}]}<\/script>\n<!-- \/ Yoast SEO plugin. -->","yoast_head_json":{"title":"CALENDARIO DE EVENTOS DEL 18, 19 Y 20 DE AGOSTO.","robots":{"index":"index","follow":"follow","max-snippet":"max-snippet:-1","max-image-preview":"max-image-preview:large","max-video-preview":"max-video-preview:-1"},"canonical":"https:\/\/gopunta.uy\/noticias\/evento\/calendario-de-eventos-del-18-19-y-20-de-agosto\/","og_locale":"es_ES","og_type":"article","og_title":"CALENDARIO DE EVENTOS DEL 18, 19 Y 20 DE AGOSTO.","og_description":"TEATRO LAVALLEJA: Viernes 18 hora 20 \u00abCONSENTIMIENTO\u00bb Espect\u00e1culo el Galp\u00f3n invitaciones en boleter\u00eda del Teatro de 10 a 20 hs S\u00e1bado 19: hora 20 Encuentros de Coros &#8211; invitaciones en [&hellip;]","og_url":"https:\/\/gopunta.uy\/noticias\/evento\/calendario-de-eventos-del-18-19-y-20-de-agosto\/","og_site_name":"Noticias - GoPunta - Portal Inmobiliario de Punta del Este - Maldonado","article_modified_time":"2023-08-20T02:11:00+00:00","og_image":[{"url":"https:\/\/gopunta.uy\/noticias\/wp-content\/uploads\/2023\/08\/368270322_601458338829634_3131559861018433672_n.jpg","type":"","width":"","height":""}],"twitter_card":"summary_large_image","twitter_misc":{"Tiempo de lectura":"1 minuto"},"schema":{"@context":"https:\/\/schema.org","@graph":[{"@type":"WebPage","@id":"https:\/\/gopunta.uy\/noticias\/evento\/calendario-de-eventos-del-18-19-y-20-de-agosto\/","url":"https:\/\/gopunta.uy\/noticias\/evento\/calendario-de-eventos-del-18-19-y-20-de-agosto\/","name":"CALENDARIO DE EVENTOS DEL 18, 19 Y 20 DE AGOSTO.","isPartOf":{"@id":"https:\/\/gopunta.uy\/noticias\/#website"},"primaryImageOfPage":{"@id":"https:\/\/gopunta.uy\/noticias\/evento\/calendario-de-eventos-del-18-19-y-20-de-agosto\/#primaryimage"},"image":{"@id":"https:\/\/gopunta.uy\/noticias\/evento\/calendario-de-eventos-del-18-19-y-20-de-agosto\/#primaryimage"},"thumbnailUrl":"https:\/\/gopunta.uy\/noticias\/wp-content\/uploads\/2023\/08\/368270322_601458338829634_3131559861018433672_n.jpg","datePublished":"2023-08-20T02:10:56+00:00","dateModified":"2023-08-20T02:11:00+00:00","breadcrumb":{"@id":"https:\/\/gopunta.uy\/noticias\/evento\/calendario-de-eventos-del-18-19-y-20-de-agosto\/#breadcrumb"},"inLanguage":"es","potentialAction":[{"@type":"ReadAction","target":["https:\/\/gopunta.uy\/noticias\/evento\/calendario-de-eventos-del-18-19-y-20-de-agosto\/"]}]},{"@type":"ImageObject","inLanguage":"es","@id":"https:\/\/gopunta.uy\/noticias\/evento\/calendario-de-eventos-del-18-19-y-20-de-agosto\/#primaryimage","url":"https:\/\/gopunta.uy\/noticias\/wp-content\/uploads\/2023\/08\/368270322_601458338829634_3131559861018433672_n.jpg","contentUrl":"https:\/\/gopunta.uy\/noticias\/wp-content\/uploads\/2023\/08\/368270322_601458338829634_3131559861018433672_n.jpg","width":526,"height":526},{"@type":"BreadcrumbList","@id":"https:\/\/gopunta.uy\/noticias\/evento\/calendario-de-eventos-del-18-19-y-20-de-agosto\/#breadcrumb","itemListElement":[{"@type":"ListItem","position":1,"name":"Inicio","item":"https:\/\/gopunta.uy\/noticias\/"},{"@type":"ListItem","position":2,"name":"Eventos","item":"https:\/\/gopunta.uy\/noticias\/eventos\/"},{"@type":"ListItem","position":3,"name":"CALENDARIO DE EVENTOS DEL 18, 19 Y 20 DE AGOSTO."}]},{"@type":"WebSite","@id":"https:\/\/gopunta.uy\/noticias\/#website","url":"https:\/\/gopunta.uy\/noticias\/","name":"Noticias - GoPunta - Portal Inmobiliario de Punta del Este - Maldonado","description":"Noticias del Portal Inmobiliario GoPunta","potentialAction":[{"@type":"SearchAction","target":{"@type":"EntryPoint","urlTemplate":"https:\/\/gopunta.uy\/noticias\/?s={search_term_string}"},"query-input":{"@type":"PropertyValueSpecification","valueRequired":true,"valueName":"search_term_string"}}],"inLanguage":"es"}]}},"_links":{"self":[{"href":"https:\/\/gopunta.uy\/noticias\/wp-json\/wp\/v2\/tribe_events\/5900","targetHints":{"allow":["GET"]}}],"collection":[{"href":"https:\/\/gopunta.uy\/noticias\/wp-json\/wp\/v2\/tribe_events"}],"about":[{"href":"https:\/\/gopunta.uy\/noticias\/wp-json\/wp\/v2\/types\/tribe_events"}],"author":[{"embeddable":true,"href":"https:\/\/gopunta.uy\/noticias\/wp-json\/wp\/v2\/users\/4"}],"version-history":[{"count":1,"href":"https:\/\/gopunta.uy\/noticias\/wp-json\/wp\/v2\/tribe_events\/5900\/revisions"}],"predecessor-version":[{"id":5902,"href":"https:\/\/gopunta.uy\/noticias\/wp-json\/wp\/v2\/tribe_events\/5900\/revisions\/5902"}],"wp:attachment":[{"href":"https:\/\/gopunta.uy\/noticias\/wp-json\/wp\/v2\/media?parent=5900"}],"wp:term":[{"taxonomy":"post_tag","embeddable":true,"href":"https:\/\/gopunta.uy\/noticias\/wp-json\/wp\/v2\/tags?post=5900"},{"taxonomy":"tribe_events_cat","embeddable":true,"href":"https:\/\/gopunta.uy\/noticias\/wp-json\/wp\/v2\/tribe_events_cat?post=5900"}],"curies":[{"name":"wp","href":"https:\/\/api.w.org\/{rel}","templated":true}]}}